{"id":2017,"date":"2023-02-07T03:06:14","date_gmt":"2023-02-07T03:06:14","guid":{"rendered":"https:\/\/primandproper.eudigital.net\/surroundings\/"},"modified":"2023-02-07T03:06:14","modified_gmt":"2023-02-07T03:06:14","slug":"surroundings","status":"publish","type":"page","link":"https:\/\/primandproper.pt\/pt-pt\/surroundings\/","title":{"rendered":"Surroundings"},"content":{"rendered":"<style>\/*! elementor - v3.11.2 - 22-02-2023 *\/\n.elementor-heading-title{padding:0;margin:0;line-height:1}.elementor-widget-heading .elementor-heading-title[class*=elementor-size-]>a{color:inherit;font-size:inherit;line-height:inherit}.elementor-widget-heading .elementor-heading-title.elementor-size-small{font-size:15px}.elementor-widget-heading .elementor-heading-title.elementor-size-medium{font-size:19px}.elementor-widget-heading .elementor-heading-title.elementor-size-large{font-size:29px}.elementor-widget-heading .elementor-heading-title.elementor-size-xl{font-size:39px}.elementor-widget-heading .elementor-heading-title.elementor-size-xxl{font-size:59px}<\/style>\n<h2>Jardim de S\u00e3o L\u00e1zaro<\/h2>\n<link rel=\"stylesheet\" href=\"https:\/\/primandproper.eudigital.net\/wp-content\/plugins\/elementor\/assets\/css\/widget-icon-list.min.css\">\n<ul>\n<li>\n\t\t\t\t\t\t\t\t\t<\/li>\n<li>\n\t\t\t\t\t\t\t\t\t<\/li>\n<li>\n\t\t\t\t\t\t\t\t\t<\/li>\n<\/ul>\n<style>\/*! elementor - v3.11.2 - 22-02-2023 *\/\n.elementor-widget-divider{--divider-border-style:none;--divider-border-width:1px;--divider-color:#2c2c2c;--divider-icon-size:20px;--divider-element-spacing:10px;--divider-pattern-height:24px;--divider-pattern-size:20px;--divider-pattern-url:none;--divider-pattern-repeat:repeat-x}.elementor-widget-divider .elementor-divider{display:flex}.elementor-widget-divider .elementor-divider__text{font-size:15px;line-height:1;max-width:95%}.elementor-widget-divider .elementor-divider__element{margin:0 var(--divider-element-spacing);flex-shrink:0}.elementor-widget-divider .elementor-icon{font-size:var(--divider-icon-size)}.elementor-widget-divider .elementor-divider-separator{display:flex;margin:0;direction:ltr}.elementor-widget-divider--view-line_icon .elementor-divider-separator,.elementor-widget-divider--view-line_text .elementor-divider-separator{align-items:center}.elementor-widget-divider--view-line_icon .elementor-divider-separator:after,.elementor-widget-divider--view-line_icon .elementor-divider-separator:before,.elementor-widget-divider--view-line_text .elementor-divider-separator:after,.elementor-widget-divider--view-line_text .elementor-divider-separator:before{display:block;content:\"\";border-bottom:0;flex-grow:1;border-top:var(--divider-border-width) var(--divider-border-style) var(--divider-color)}.elementor-widget-divider--element-align-left .elementor-divider .elementor-divider-separator>.elementor-divider__svg:first-of-type{flex-grow:0;flex-shrink:100}.elementor-widget-divider--element-align-left .elementor-divider-separator:before{content:none}.elementor-widget-divider--element-align-left .elementor-divider__element{margin-left:0}.elementor-widget-divider--element-align-right .elementor-divider .elementor-divider-separator>.elementor-divider__svg:last-of-type{flex-grow:0;flex-shrink:100}.elementor-widget-divider--element-align-right .elementor-divider-separator:after{content:none}.elementor-widget-divider--element-align-right .elementor-divider__element{margin-right:0}.elementor-widget-divider:not(.elementor-widget-divider--view-line_text):not(.elementor-widget-divider--view-line_icon) .elementor-divider-separator{border-top:var(--divider-border-width) var(--divider-border-style) var(--divider-color)}.elementor-widget-divider--separator-type-pattern{--divider-border-style:none}.elementor-widget-divider--separator-type-pattern.elementor-widget-divider--view-line .elementor-divider-separator,.elementor-widget-divider--separator-type-pattern:not(.elementor-widget-divider--view-line) .elementor-divider-separator:after,.elementor-widget-divider--separator-type-pattern:not(.elementor-widget-divider--view-line) .elementor-divider-separator:before,.elementor-widget-divider--separator-type-pattern:not([class*=elementor-widget-divider--view]) .elementor-divider-separator{width:100%;min-height:var(--divider-pattern-height);-webkit-mask-size:var(--divider-pattern-size) 100%;mask-size:var(--divider-pattern-size) 100%;-webkit-mask-repeat:var(--divider-pattern-repeat);mask-repeat:var(--divider-pattern-repeat);background-color:var(--divider-color);-webkit-mask-image:var(--divider-pattern-url);mask-image:var(--divider-pattern-url)}.elementor-widget-divider--no-spacing{--divider-pattern-size:auto}.elementor-widget-divider--bg-round{--divider-pattern-repeat:round}.rtl .elementor-widget-divider .elementor-divider__text{direction:rtl}.e-con-inner>.elementor-widget-divider,.e-con>.elementor-widget-divider{width:var(--container-widget-width,100%);--flex-grow:var(--container-widget-flex-grow)}<\/style>\n<p>O mais antigo jardim p\u00fablico da cidade do Porto, o Jardim de S\u00e3o L\u00e1zaro, \u00e9 um lugar tranquilo e refrescante no centro da cidade. Este parque p\u00fablico de 10 hectares tem uma ampla variedade de \u00e1rvores, plantas e flores, bem como \u00e1reas de piquenique, um parque infantil, uma biblioteca e um quiosque.<\/p>\n<style>\/*! elementor - v3.11.2 - 22-02-2023 *\/\n.elementor-widget-image{text-align:center}.elementor-widget-image a{display:inline-block}.elementor-widget-image a img[src$=\".svg\"]{width:48px}.elementor-widget-image img{vertical-align:middle;display:inline-block}<\/style>\n<p>\t\t\t\t\t\t\t\t\t\t\t\t<img decoding=\"async\" width=\"800\" height=\"580\" data-src=\"https:\/\/primandproper.eudigital.net\/wp-content\/uploads\/2023\/02\/porto-jardim-de-sao-lazaro-1024x742.jpg\" alt=\"porto-jardim-de-sao-lazaro\" data-srcset=\"https:\/\/primandproper.eudigital.net\/wp-content\/uploads\/2023\/02\/porto-jardim-de-sao-lazaro-1024x742.jpg 1024w, https:\/\/primandproper.eudigital.net\/wp-content\/uploads\/2023\/02\/porto-jardim-de-sao-lazaro-300x218.jpg 300w, https:\/\/primandproper.eudigital.net\/wp-content\/uploads\/2023\/02\/porto-jardim-de-sao-lazaro-768x557.jpg 768w, https:\/\/primandproper.eudigital.net\/wp-content\/uploads\/2023\/02\/porto-jardim-de-sao-lazaro.jpg 1280w\" data-sizes=\"auto, (max-width: 800px) 100vw, 800px\" src=\"data:image\/gif;base64,R0lGODlhAQABAAAAACH5BAEKAAEALAAAAAABAAEAAAICTAEAOw==\" class=\"lazyload\" style=\"--smush-placeholder-width: 800px; --smush-placeholder-aspect-ratio: 800\/580;\" \/><br \/>\n\t\t\t\t\t\t\t\t\t\t\t\t\t\t\t<img decoding=\"async\" width=\"800\" height=\"533\" data-src=\"https:\/\/primandproper.eudigital.net\/wp-content\/uploads\/2023\/02\/oporto-coliseu-do-porto-1024x682.jpg\" alt=\"\" data-srcset=\"https:\/\/primandproper.eudigital.net\/wp-content\/uploads\/2023\/02\/oporto-coliseu-do-porto-1024x682.jpg 1024w, https:\/\/primandproper.eudigital.net\/wp-content\/uploads\/2023\/02\/oporto-coliseu-do-porto-300x200.jpg 300w, https:\/\/primandproper.eudigital.net\/wp-content\/uploads\/2023\/02\/oporto-coliseu-do-porto-768x512.jpg 768w, https:\/\/primandproper.eudigital.net\/wp-content\/uploads\/2023\/02\/oporto-coliseu-do-porto.jpg 1400w\" data-sizes=\"auto, (max-width: 800px) 100vw, 800px\" src=\"data:image\/gif;base64,R0lGODlhAQABAAAAACH5BAEKAAEALAAAAAABAAEAAAICTAEAOw==\" class=\"lazyload\" style=\"--smush-placeholder-width: 800px; --smush-placeholder-aspect-ratio: 800\/533;\" \/>\t\t\t\t\t\t\t\t\t\t\t\t\t\t\t<\/p>\n<h2>Coliseu do Porto:<\/h2>\n<p>Constru\u00eddo em 1941, o Coliseu do Porto \u00e9 um dos edif\u00edcios mais ic\u00f4nicos da cidade. Com sua fachada imponente e seu interior extravagante, o Coliseu \u00e9 um local popular para shows e eventos culturais.<\/p>\n<h2>Pra\u00e7a da Batalha<\/h2>\n<p>Localizada no cora\u00e7\u00e3o da cidade, a Pra\u00e7a da Batalha \u00e9 um dos pontos mais movimentados do Porto. \u00c9 cercada por edif\u00edcios hist\u00f3ricos, como o Teatro S\u00e1 da Bandeira e a Igreja dos Congregados, e \u00e9 um importante centro de transporte p\u00fablico.<\/p>\n<p>\t\t\t\t\t\t\t\t\t\t\t\t\t\t\t<img decoding=\"async\" width=\"800\" height=\"600\" data-src=\"https:\/\/primandproper.eudigital.net\/wp-content\/uploads\/2023\/02\/praca_da_batalha_porto.jpg\" alt=\"\" data-srcset=\"https:\/\/primandproper.eudigital.net\/wp-content\/uploads\/2023\/02\/praca_da_batalha_porto.jpg 960w, https:\/\/primandproper.eudigital.net\/wp-content\/uploads\/2023\/02\/praca_da_batalha_porto-300x225.jpg 300w, https:\/\/primandproper.eudigital.net\/wp-content\/uploads\/2023\/02\/praca_da_batalha_porto-768x576.jpg 768w\" data-sizes=\"auto, (max-width: 800px) 100vw, 800px\" src=\"data:image\/gif;base64,R0lGODlhAQABAAAAACH5BAEKAAEALAAAAAABAAEAAAICTAEAOw==\" class=\"lazyload\" style=\"--smush-placeholder-width: 800px; --smush-placeholder-aspect-ratio: 800\/600;\" \/>\t\t\t\t\t\t\t\t\t\t\t\t\t\t\t<\/p>\n<h2>Rua de Santa Catarina<\/h2>\n<p>A Rua de Santa Catarina \u00e9 a principal rua comercial do Porto, com lojas de marcas internacionais e lojas locais. \u00c9 tamb\u00e9m o lar de alguns dos edif\u00edcios mais belos da cidade, como o Caf\u00e9 Majestic, uma atra\u00e7\u00e3o tur\u00edstica popular.<\/p>\n<h2>Teatro S\u00e1 da Bandeira<\/h2>\n<p>Constru\u00eddo em 1874, o Teatro S\u00e1 da Bandeira \u00e9 um dos teatros mais antigos do Porto. Com uma programa\u00e7\u00e3o variada de pe\u00e7as teatrais, musicais e shows de com\u00e9dia, o teatro \u00e9 um importante centro cultural da cidade.<\/p>\n<h2>Mercado do Bolh\u00e3o<\/h2>\n<p>O Mercado do Bolh\u00e3o \u00e9 um dos mercados mais antigos do Porto, com barracas que vendem frutas, legumes, carnes e peixes frescos. \u00c9 um \u00f3timo lugar para experimentar a aut\u00eantica comida portuguesa e fazer compras.<\/p>\n<h2>Torre dos Cl\u00e9rigos<\/h2>\n<p>\u00a0Constru\u00edda no s\u00e9culo XVIII, a Torre dos Cl\u00e9rigos \u00e9 um marco hist\u00f3rico da cidade do Porto. Com seus 75 metros de altura, a torre oferece uma vista panor\u00e2mica deslumbrante da cidade.<\/p>\n<h2>Avenida dos Aliados<\/h2>\n<p>O Teatro Municipal Rivoli \u00e9 um teatro moderno e elegante no centro do Porto. Com uma programa\u00e7\u00e3o variada de teatro, dan\u00e7a e m\u00fasica, o teatro \u00e9 um importante centro cultural da cidade.<\/p>\n<h2>Teatro Nacional S. Jo\u00e3o<\/h2>\n<p>O Teatro Nacional S. Jo\u00e3o \u00e9 um teatro hist\u00f3rico no<\/p>\n<p>centro do Porto, inaugurado em 1920. Com sua arquitetura neocl\u00e1ssica e seu interior suntuoso, o teatro \u00e9 um importante marco cultural e art\u00edstico da cidade. \u00c9 conhecido por apresentar pe\u00e7as de teatro de alta qualidade, bem como eventos de dan\u00e7a e m\u00fasica.<\/p>\n<h2>Pal\u00e1cio da Bolsa<\/h2>\n<p>O Pal\u00e1cio da Bolsa \u00e9 um edif\u00edcio hist\u00f3rico e imponente no centro do Porto, constru\u00eddo no s\u00e9culo XIX. Com sua arquitetura neocl\u00e1ssica e seu interior rico em detalhes, incluindo a Sala dos Espelhos e a Sala dos \u00c1rabes, o pal\u00e1cio \u00e9 um importante marco tur\u00edstico e cultural da cidade. \u00c9 tamb\u00e9m um local popular para eventos e exposi\u00e7\u00f5es.<\/p>\n","protected":false},"excerpt":{"rendered":"<p>Jardim de S\u00e3o L\u00e1zaro O mais antigo jardim p\u00fablico da cidade do Porto, o Jardim de S\u00e3o L\u00e1zaro, \u00e9 um lugar tranquilo e refrescante no centro da cidade. Este parque p\u00fablico de 10 hectares tem uma ampla variedade de \u00e1rvores, plantas e flores, bem como \u00e1reas de piquenique, um parque infantil, uma biblioteca e um [&hellip;]<\/p>\n","protected":false},"author":1,"featured_media":0,"parent":0,"menu_order":0,"comment_status":"closed","ping_status":"closed","template":"","meta":{"_acf_changed":false,"footnotes":""},"class_list":["post-2017","page","type-page","status-publish","hentry"],"acf":[],"yoast_head":"<!-- This site is optimized with the Yoast SEO plugin v24.9 - https:\/\/yoast.com\/wordpress\/plugins\/seo\/ -->\n<title>Surroundings - Prim and proper<\/title>\n<meta name=\"robots\" content=\"index, follow, max-snippet:-1, max-image-preview:large, max-video-preview:-1\" \/>\n<link rel=\"canonical\" href=\"https:\/\/primandproper.pt\/pt-pt\/surroundings\/\" \/>\n<meta property=\"og:locale\" content=\"pt_PT\" \/>\n<meta property=\"og:type\" content=\"article\" \/>\n<meta property=\"og:title\" content=\"Surroundings - Prim and proper\" \/>\n<meta property=\"og:description\" content=\"Jardim de S\u00e3o L\u00e1zaro O mais antigo jardim p\u00fablico da cidade do Porto, o Jardim de S\u00e3o L\u00e1zaro, \u00e9 um lugar tranquilo e refrescante no centro da cidade. Este parque p\u00fablico de 10 hectares tem uma ampla variedade de \u00e1rvores, plantas e flores, bem como \u00e1reas de piquenique, um parque infantil, uma biblioteca e um [&hellip;]\" \/>\n<meta property=\"og:url\" content=\"https:\/\/primandproper.pt\/pt-pt\/surroundings\/\" \/>\n<meta property=\"og:site_name\" content=\"Prim and proper\" \/>\n<meta property=\"article:publisher\" content=\"https:\/\/www.facebook.com\/profile.php?id=100090635821514\" \/>\n<meta property=\"og:image\" content=\"https:\/\/primandproper.eudigital.net\/wp-content\/uploads\/2023\/02\/porto-jardim-de-sao-lazaro-1024x742.jpg\" \/>\n<meta name=\"twitter:card\" content=\"summary_large_image\" \/>\n<meta name=\"twitter:label1\" content=\"Tempo estimado de leitura\" \/>\n\t<meta name=\"twitter:data1\" content=\"2 minutos\" \/>\n<script type=\"application\/ld+json\" class=\"yoast-schema-graph\">{\"@context\":\"https:\/\/schema.org\",\"@graph\":[{\"@type\":\"WebPage\",\"@id\":\"https:\/\/primandproper.pt\/pt-pt\/surroundings\/\",\"url\":\"https:\/\/primandproper.pt\/pt-pt\/surroundings\/\",\"name\":\"Surroundings - Prim and proper\",\"isPartOf\":{\"@id\":\"https:\/\/primandproper.pt\/pt-pt\/#website\"},\"primaryImageOfPage\":{\"@id\":\"https:\/\/primandproper.pt\/pt-pt\/surroundings\/#primaryimage\"},\"image\":{\"@id\":\"https:\/\/primandproper.pt\/pt-pt\/surroundings\/#primaryimage\"},\"thumbnailUrl\":\"https:\/\/primandproper.eudigital.net\/wp-content\/uploads\/2023\/02\/porto-jardim-de-sao-lazaro-1024x742.jpg\",\"datePublished\":\"2023-02-07T03:06:14+00:00\",\"breadcrumb\":{\"@id\":\"https:\/\/primandproper.pt\/pt-pt\/surroundings\/#breadcrumb\"},\"inLanguage\":\"pt-PT\",\"potentialAction\":[{\"@type\":\"ReadAction\",\"target\":[\"https:\/\/primandproper.pt\/pt-pt\/surroundings\/\"]}]},{\"@type\":\"ImageObject\",\"inLanguage\":\"pt-PT\",\"@id\":\"https:\/\/primandproper.pt\/pt-pt\/surroundings\/#primaryimage\",\"url\":\"https:\/\/primandproper.eudigital.net\/wp-content\/uploads\/2023\/02\/porto-jardim-de-sao-lazaro-1024x742.jpg\",\"contentUrl\":\"https:\/\/primandproper.eudigital.net\/wp-content\/uploads\/2023\/02\/porto-jardim-de-sao-lazaro-1024x742.jpg\"},{\"@type\":\"BreadcrumbList\",\"@id\":\"https:\/\/primandproper.pt\/pt-pt\/surroundings\/#breadcrumb\",\"itemListElement\":[{\"@type\":\"ListItem\",\"position\":1,\"name\":\"Home\",\"item\":\"https:\/\/primandproper.pt\/pt-pt\/\"},{\"@type\":\"ListItem\",\"position\":2,\"name\":\"Surroundings\"}]},{\"@type\":\"WebSite\",\"@id\":\"https:\/\/primandproper.pt\/pt-pt\/#website\",\"url\":\"https:\/\/primandproper.pt\/pt-pt\/\",\"name\":\"Primandproper.pt\",\"description\":\"Living well in the heart of the city\",\"publisher\":{\"@id\":\"https:\/\/primandproper.pt\/pt-pt\/#organization\"},\"potentialAction\":[{\"@type\":\"SearchAction\",\"target\":{\"@type\":\"EntryPoint\",\"urlTemplate\":\"https:\/\/primandproper.pt\/pt-pt\/?s={search_term_string}\"},\"query-input\":{\"@type\":\"PropertyValueSpecification\",\"valueRequired\":true,\"valueName\":\"search_term_string\"}}],\"inLanguage\":\"pt-PT\"},{\"@type\":\"Organization\",\"@id\":\"https:\/\/primandproper.pt\/pt-pt\/#organization\",\"name\":\"Prim&proper\",\"url\":\"https:\/\/primandproper.pt\/pt-pt\/\",\"logo\":{\"@type\":\"ImageObject\",\"inLanguage\":\"pt-PT\",\"@id\":\"https:\/\/primandproper.pt\/pt-pt\/#\/schema\/logo\/image\/\",\"url\":\"https:\/\/primandproper.pt\/wp-content\/uploads\/2023\/02\/prim-and-proper-porto-accomodation-logo.png\",\"contentUrl\":\"https:\/\/primandproper.pt\/wp-content\/uploads\/2023\/02\/prim-and-proper-porto-accomodation-logo.png\",\"width\":1242,\"height\":699,\"caption\":\"Prim&proper\"},\"image\":{\"@id\":\"https:\/\/primandproper.pt\/pt-pt\/#\/schema\/logo\/image\/\"},\"sameAs\":[\"https:\/\/www.facebook.com\/profile.php?id=100090635821514\",\"https:\/\/www.instagram.com\/primproperporto\/\",\"https:\/\/www.linkedin.com\/company\/prim-proper\/\"]}]}<\/script>\n<!-- \/ Yoast SEO plugin. -->","yoast_head_json":{"title":"Surroundings - Prim and proper","robots":{"index":"index","follow":"follow","max-snippet":"max-snippet:-1","max-image-preview":"max-image-preview:large","max-video-preview":"max-video-preview:-1"},"canonical":"https:\/\/primandproper.pt\/pt-pt\/surroundings\/","og_locale":"pt_PT","og_type":"article","og_title":"Surroundings - Prim and proper","og_description":"Jardim de S\u00e3o L\u00e1zaro O mais antigo jardim p\u00fablico da cidade do Porto, o Jardim de S\u00e3o L\u00e1zaro, \u00e9 um lugar tranquilo e refrescante no centro da cidade. Este parque p\u00fablico de 10 hectares tem uma ampla variedade de \u00e1rvores, plantas e flores, bem como \u00e1reas de piquenique, um parque infantil, uma biblioteca e um [&hellip;]","og_url":"https:\/\/primandproper.pt\/pt-pt\/surroundings\/","og_site_name":"Prim and proper","article_publisher":"https:\/\/www.facebook.com\/profile.php?id=100090635821514","og_image":[{"url":"https:\/\/primandproper.eudigital.net\/wp-content\/uploads\/2023\/02\/porto-jardim-de-sao-lazaro-1024x742.jpg","type":"","width":"","height":""}],"twitter_card":"summary_large_image","twitter_misc":{"Tempo estimado de leitura":"2 minutos"},"schema":{"@context":"https:\/\/schema.org","@graph":[{"@type":"WebPage","@id":"https:\/\/primandproper.pt\/pt-pt\/surroundings\/","url":"https:\/\/primandproper.pt\/pt-pt\/surroundings\/","name":"Surroundings - Prim and proper","isPartOf":{"@id":"https:\/\/primandproper.pt\/pt-pt\/#website"},"primaryImageOfPage":{"@id":"https:\/\/primandproper.pt\/pt-pt\/surroundings\/#primaryimage"},"image":{"@id":"https:\/\/primandproper.pt\/pt-pt\/surroundings\/#primaryimage"},"thumbnailUrl":"https:\/\/primandproper.eudigital.net\/wp-content\/uploads\/2023\/02\/porto-jardim-de-sao-lazaro-1024x742.jpg","datePublished":"2023-02-07T03:06:14+00:00","breadcrumb":{"@id":"https:\/\/primandproper.pt\/pt-pt\/surroundings\/#breadcrumb"},"inLanguage":"pt-PT","potentialAction":[{"@type":"ReadAction","target":["https:\/\/primandproper.pt\/pt-pt\/surroundings\/"]}]},{"@type":"ImageObject","inLanguage":"pt-PT","@id":"https:\/\/primandproper.pt\/pt-pt\/surroundings\/#primaryimage","url":"https:\/\/primandproper.eudigital.net\/wp-content\/uploads\/2023\/02\/porto-jardim-de-sao-lazaro-1024x742.jpg","contentUrl":"https:\/\/primandproper.eudigital.net\/wp-content\/uploads\/2023\/02\/porto-jardim-de-sao-lazaro-1024x742.jpg"},{"@type":"BreadcrumbList","@id":"https:\/\/primandproper.pt\/pt-pt\/surroundings\/#breadcrumb","itemListElement":[{"@type":"ListItem","position":1,"name":"Home","item":"https:\/\/primandproper.pt\/pt-pt\/"},{"@type":"ListItem","position":2,"name":"Surroundings"}]},{"@type":"WebSite","@id":"https:\/\/primandproper.pt\/pt-pt\/#website","url":"https:\/\/primandproper.pt\/pt-pt\/","name":"Primandproper.pt","description":"Living well in the heart of the city","publisher":{"@id":"https:\/\/primandproper.pt\/pt-pt\/#organization"},"potentialAction":[{"@type":"SearchAction","target":{"@type":"EntryPoint","urlTemplate":"https:\/\/primandproper.pt\/pt-pt\/?s={search_term_string}"},"query-input":{"@type":"PropertyValueSpecification","valueRequired":true,"valueName":"search_term_string"}}],"inLanguage":"pt-PT"},{"@type":"Organization","@id":"https:\/\/primandproper.pt\/pt-pt\/#organization","name":"Prim&proper","url":"https:\/\/primandproper.pt\/pt-pt\/","logo":{"@type":"ImageObject","inLanguage":"pt-PT","@id":"https:\/\/primandproper.pt\/pt-pt\/#\/schema\/logo\/image\/","url":"https:\/\/primandproper.pt\/wp-content\/uploads\/2023\/02\/prim-and-proper-porto-accomodation-logo.png","contentUrl":"https:\/\/primandproper.pt\/wp-content\/uploads\/2023\/02\/prim-and-proper-porto-accomodation-logo.png","width":1242,"height":699,"caption":"Prim&proper"},"image":{"@id":"https:\/\/primandproper.pt\/pt-pt\/#\/schema\/logo\/image\/"},"sameAs":["https:\/\/www.facebook.com\/profile.php?id=100090635821514","https:\/\/www.instagram.com\/primproperporto\/","https:\/\/www.linkedin.com\/company\/prim-proper\/"]}]}},"_links":{"self":[{"href":"https:\/\/primandproper.pt\/pt-pt\/wp-json\/wp\/v2\/pages\/2017","targetHints":{"allow":["GET"]}}],"collection":[{"href":"https:\/\/primandproper.pt\/pt-pt\/wp-json\/wp\/v2\/pages"}],"about":[{"href":"https:\/\/primandproper.pt\/pt-pt\/wp-json\/wp\/v2\/types\/page"}],"author":[{"embeddable":true,"href":"https:\/\/primandproper.pt\/pt-pt\/wp-json\/wp\/v2\/users\/1"}],"replies":[{"embeddable":true,"href":"https:\/\/primandproper.pt\/pt-pt\/wp-json\/wp\/v2\/comments?post=2017"}],"version-history":[{"count":0,"href":"https:\/\/primandproper.pt\/pt-pt\/wp-json\/wp\/v2\/pages\/2017\/revisions"}],"wp:attachment":[{"href":"https:\/\/primandproper.pt\/pt-pt\/wp-json\/wp\/v2\/media?parent=2017"}],"curies":[{"name":"wp","href":"https:\/\/api.w.org\/{rel}","templated":true}]}}